{"id":940,"date":"2021-11-03T08:53:18","date_gmt":"2021-11-03T08:53:18","guid":{"rendered":"https:\/\/hortgreen.com\/?page_id=940"},"modified":"2023-12-12T13:39:00","modified_gmt":"2023-12-12T13:39:00","slug":"objectives","status":"publish","type":"page","link":"https:\/\/hortgreen.com\/tr\/objectives\/","title":{"rendered":"Ama\u00e7lar"},"content":{"rendered":"<p>[vc_row][vc_column][\/vc_column][\/vc_row][vc_row container=&#8221;1&#8243; css=&#8221;.vc_custom_1635930059565{margin-top: 25px !important;}&#8221;][vc_column width=&#8221;1\/2&#8243;][vc_column_text]<\/p>\n<div class=\"gdlr-core-pbf-element\">\n<div class=\"gdlr-core-text-box-item gdlr-core-item-pdlr gdlr-core-item-pdb gdlr-core-left-align\">\n<div class=\"gdlr-core-text-box-item-content\">Hort4EUGreen projesinin genel amac\u0131, ortak kurulu\u015flar\u0131n personelini ve \u00f6\u011frencilerini Avrupa Ye\u015fil Anla\u015fmas\u0131 ile ilgili d\u00f6rt konuda i\u015f g\u00fcc\u00fc pazar\u0131n\u0131n taleplerine yan\u0131t verecek \u015fekilde modern (ekin) teknolojileri kullanma konusundaki bilgi ve pratik becerileri geli\u015ftirecek \u015fekilde e\u011fitmektir.<\/div>\n<\/div>\n<\/div>\n<div class=\"gdlr-core-pbf-element\">\n<div class=\"gdlr-core-title-item gdlr-core-item-pdb clearfix gdlr-core-left-align gdlr-core-title-item-caption-top gdlr-core-item-pdlr\">\n<div class=\"gdlr-core-title-item-title-wrap clearfix\">\n<h3 class=\"gdlr-core-title-item-title gdlr-core-skin-title \">Projemizin \u00f6zel hedefleri \u015funlard\u0131r:<\/h3>\n<\/div>\n<\/div>\n<\/div>\n<div class=\"gdlr-core-pbf-element\">\n<div class=\"gdlr-core-icon-list-item gdlr-core-item-pdlr gdlr-core-item-pdb clearfix gdlr-core-left-align gdlr-core-style-1\">\n<ul>\n<li class=\" gdlr-core-skin-divider clearfix\">\n<div class=\"gdlr-core-icon-list-content-wrap\"><i class=\"gdlr-core-icon-list-icon fa fa-dot-circle-o\"><\/i>\u00dc\u00e7 e\u011fitim program\u0131na ve d\u00f6rt personel hareketlili\u011fine kat\u0131lacak ortak kurumlar\u0131n \u00f6\u011fretim ve \u00f6\u011fretim d\u0131\u015f\u0131 personelinin g\u0131da ve tar\u0131m \u00fcr\u00fcnlerinin analizi alanlar\u0131nda yeni y\u00f6ntem ve protokolleri kullanma beceri ve yeterliliklerinin artt\u0131r\u0131lmas\u0131.<\/div>\n<\/li>\n<li class=\" gdlr-core-skin-divider clearfix\">\n<div class=\"gdlr-core-icon-list-content-wrap\"><i class=\"gdlr-core-icon-list-icon fa fa-dot-circle-o\"><\/i>Proje orta\u011f\u0131 kurumlardaki lisans\u00fcst\u00fc \u00f6\u011frencilerinin g\u0131da ve tar\u0131m \u00fcr\u00fcnlerinin analizinde yeni y\u00f6ntem ve protokolleri kullanma beceri ve yetkinlerini d\u00fczenlenecek olan iki \u00f6\u011frenme, \u00f6\u011fretme ve e\u011fitim etkinleri ile geli\u015ftirmek.<\/div>\n<\/li>\n<li class=\" gdlr-core-skin-divider clearfix\">\n<div class=\"gdlr-core-icon-list-content-wrap\"><i class=\"gdlr-core-icon-list-icon fa fa-dot-circle-o\"><\/i>T\u00fcm kat\u0131l\u0131mc\u0131 kurumlarda uygulanmak \u00fczere d\u00f6rt e\u011fitim materyali ve bir dijital ara\u00e7 sunarak, y\u00fcksek lisans \u00f6\u011frencilerini ve y\u00fcksek \u00f6\u011fretim personelini s\u00fcrd\u00fcr\u00fclebilirlik kavram\u0131 i\u00e7in ger\u00e7ek de\u011fi\u015fim fakt\u00f6rleri y\u00f6n\u00fcyle d\u00f6n\u00fc\u015ft\u00fcrmek<\/div>\n<\/li>\n<li class=\" gdlr-core-skin-divider clearfix\">\n<div class=\"gdlr-core-icon-list-content-wrap\"><i class=\"gdlr-core-icon-list-icon fa fa-dot-circle-o\"><\/i>Ara\u015ft\u0131rmaya dayal\u0131 bir \u00f6\u011frenme mod\u00fcl\u00fc sunarak \u00fc\u00e7 Bah\u00e7e Bitkileri ana kursunda disiplinler aras\u0131 bir yakla\u015f\u0131m ve yenilik\u00e7i pedagoji uygulamak. Bah\u00e7e Bitkileri alan\u0131nda aktar\u0131labilir, ileriye d\u00f6n\u00fck becerilerin kazan\u0131lmas\u0131n\u0131 destekleyen bu mod\u00fcl, organik \u00fcretim ve biyo\u00e7e\u015fitlilik alanlar\u0131nda faaliyet g\u00f6steren y\u00fcksek\u00f6\u011fretim personeli taraf\u0131ndan kullan\u0131lacak \u00fc\u00e7 yenilik\u00e7i fikri \u00e7\u0131kt\u0131 arac\u0131l\u0131\u011f\u0131yla ger\u00e7ekle\u015ftirilecektir.<\/div>\n<\/li>\n<\/ul>\n<\/div>\n<\/div>\n<p>[\/vc_column_text][\/vc_column][vc_column width=&#8221;1\/2&#8243; css=&#8221;.vc_custom_1635930135249{background-color: #e6e6e6 !important;}&#8221;][vc_single_image image=&#8221;942&#8243; img_size=&#8221;large&#8221;][vc_column_text]<\/p>\n<div class=\"gdlr-core-pbf-element\">\n<div class=\"gdlr-core-title-item gdlr-core-item-pdb clearfix gdlr-core-left-align gdlr-core-title-item-caption-top gdlr-core-item-pdlr\">\n<div class=\"gdlr-core-title-item-title-wrap clearfix\">\n<h3><\/h3>\n<h3 class=\"gdlr-core-title-item-title gdlr-core-skin-title \">Proje hakk\u0131nda daha fazla bilgi edinmek veya katk\u0131da bulunmak ister misiniz?<\/h3>\n<\/div>\n<\/div>\n<\/div>\n<div class=\"gdlr-core-pbf-element\">\n<div class=\"gdlr-core-text-box-item gdlr-core-item-pdlr gdlr-core-item-pdb gdlr-core-left-align\">\n<div class=\"gdlr-core-text-box-item-content\">\n<p><a href=\"\/contact\/\" target=\"_blank\" rel=\"noopener\">Bize Ula\u015f\u0131n<\/a><\/p>\n<p><a href=\"https:\/\/www.qlab.ro\/\" target=\"_blank\" rel=\"noopener\">Research Center for Studies of food quality and agricultural products<\/a><br \/>\n<a href=\"https:\/\/www.usamv.ro\/index.php\/en\/\" target=\"_blank\" rel=\"noopener\">University of Agronomic Sciences and Veterinary Medicine of Bucharest<\/a><br \/>\nBd. M\u0103r\u0103\u0219ti 59<br \/>\nBucharest, District 1<br \/>\nRomania<\/p>\n<\/div>\n<\/div>\n<\/div>\n<p>[\/vc_column_text][\/vc_column][\/vc_row]<\/p>\n","protected":false},"excerpt":{"rendered":"<p>[vc_row][vc_column][\/vc_column][\/vc_row][vc_row container=&#8221;1&#8243; css=&#8221;.vc_custom_1635930059565{margin-top: 25px !important;}&#8221;][vc_column width=&#8221;1\/2&#8243;][vc_column_text] Hort4EUGreen projesinin genel amac\u0131, ortak kurulu\u015flar\u0131n personelini ve \u00f6\u011frencilerini Avrupa Ye\u015fil Anla\u015fmas\u0131 ile ilgili<\/p>\n","protected":false},"author":1,"featured_media":0,"parent":0,"menu_order":0,"comment_status":"closed","ping_status":"closed","template":"tpl-visual_composer.php","meta":{"footnotes":""},"class_list":["post-940","page","type-page","status-publish","hentry"],"_links":{"self":[{"href":"https:\/\/hortgreen.com\/tr\/wp-json\/wp\/v2\/pages\/940","targetHints":{"allow":["GET"]}}],"collection":[{"href":"https:\/\/hortgreen.com\/tr\/wp-json\/wp\/v2\/pages"}],"about":[{"href":"https:\/\/hortgreen.com\/tr\/wp-json\/wp\/v2\/types\/page"}],"author":[{"embeddable":true,"href":"https:\/\/hortgreen.com\/tr\/wp-json\/wp\/v2\/users\/1"}],"replies":[{"embeddable":true,"href":"https:\/\/hortgreen.com\/tr\/wp-json\/wp\/v2\/comments?post=940"}],"version-history":[{"count":20,"href":"https:\/\/hortgreen.com\/tr\/wp-json\/wp\/v2\/pages\/940\/revisions"}],"predecessor-version":[{"id":1463,"href":"https:\/\/hortgreen.com\/tr\/wp-json\/wp\/v2\/pages\/940\/revisions\/1463"}],"wp:attachment":[{"href":"https:\/\/hortgreen.com\/tr\/wp-json\/wp\/v2\/media?parent=940"}],"curies":[{"name":"wp","href":"https:\/\/api.w.org\/{rel}","templated":true}]}}